{"id":9858,"date":"2016-09-15T08:17:50","date_gmt":"2016-09-15T08:17:50","guid":{"rendered":"https:\/\/acpiquet.com\/?page_id=9858&#038;lang=es"},"modified":"2020-09-12T13:18:54","modified_gmt":"2020-09-12T12:18:54","slug":"quienes-somos","status":"publish","type":"page","link":"https:\/\/acpiquet.com\/es\/quienes-somos\/","title":{"rendered":"Qui\u00e9nes somos"},"content":{"rendered":"<div style=\"text-align: center;\">\n<h1>QUI\u00c9NES SOMOS<\/h1>\n<\/div>\n\n\t<section class=\"section\" id=\"section_1479149691\">\n\t\t<div class=\"section-bg fill\" >\n\t\t\t\t\t\t\t\t\t\n\t\t\t\n\n\t\t<\/div>\n\n\t\t\n\n\t\t<div class=\"section-content relative\">\n\t\t\t\n<div class=\"row\"  id=\"row-2050101468\">\n\n\t<div id=\"col-818358410\" class=\"col medium-1\/2 large-6\"  >\n\t\t\t\t<div class=\"col-inner\"  >\n\t\t\t\n\t\t\t\n<div style=\"padding: 0 0 0 40px;\">\n<p><img decoding=\"async\" src=\"https:\/\/acpiquet.com\/wp-content\/uploads\/2016\/04\/acpiquet.com-logo_hz2-retina-1.png\" alt=\"Artesanies Carme Piquet - logo\" title=\"\"><\/p>\n\t<div class=\"img has-hover x md-x lg-x y md-y lg-y\" id=\"image_1543405301\">\n\t\t<a class=\"\" href=\"https:\/\/www.btv.cat\/btvnoticies\/2013\/01\/09\/artesanies-carme-piquet-40-anys-venent-disfresses\/\" target=\"_blank\" rel=\"noopener nofollow\">\t\t\t\t\t\t<div class=\"img-inner dark\" >\n\t\t\t<img loading=\"lazy\" decoding=\"async\" width=\"800\" height=\"493\" src=\"https:\/\/acpiquet.com\/wp-content\/uploads\/2016\/09\/fundadora-btv.jpg\" class=\"attachment-large size-large\" alt=\"- Artesan\u00edas Carme Piquet - acpiquet.com\" srcset=\"https:\/\/acpiquet.com\/wp-content\/uploads\/2016\/09\/fundadora-btv.jpg 800w, https:\/\/acpiquet.com\/wp-content\/uploads\/2016\/09\/fundadora-btv-510x314.jpg 510w, https:\/\/acpiquet.com\/wp-content\/uploads\/2016\/09\/fundadora-btv-340x210.jpg 340w\" sizes=\"auto, (max-width: 800px) 100vw, 800px\" title=\"\">\t\t\t\t\t\t\n\t\t\t\t\t<\/div>\n\t\t\t\t\t\t<\/a>\t\t\n<style>\n#image_1543405301 {\n  width: 100%;\n}\n<\/style>\n\t<\/div>\n\t\n<p>Entrevista a la fundadora de Artesanies Carme Piquet en BTV con motivo de los 40 a\u00f1os desde la apertura del negocio.<\/p>\n<\/div>\n\t\t<\/div>\n\t\t\t\t\t<\/div>\n\n\t\n\n\t<div id=\"col-1106918270\" class=\"col medium-1\/2 large-6\"  >\n\t\t\t\t<div class=\"col-inner\"  >\n\t\t\t\n\t\t\t\n<div style=\"padding: 0 40px 0 40px;\">\n<p><strong>Somos un negocio familiar con m\u00e1s de 40 a\u00f1os de experiencia en la confecci\u00f3n a medida. Desde 1974, en Artesan\u00edas Carmen Piquet y en Xandal dise\u00f1amos, confeccionamos y vendemos disfraces y tambi\u00e9n equipaci\u00f3n escolar y deportiva.<br \/>\n<\/strong><\/p>\n<p>Hacemos todo tipo de disfraces para las fiestas de Halloween y Casta\u00f1ada, Navidad, Reyes as\u00ed como disfraces de carnaval, y tambi\u00e9n disfraces para comparsas y para ocasiones especiales. Vendemos por cat\u00e1logo pero tambi\u00e9n hacemos disfraces a medida y personalizados.<\/p>\n<p>Tambi\u00e9n dise\u00f1amos y confeccionamos a medida todo tipo de equipaci\u00f3n para actividades escolares y deportivas, para ni\u00f1os de todas las edades, profesorado y personal asociado, para escuelas, colegios, institutos, entidades deportivas y otras entidades en general. Hacemos batas, uniformes, chaquetas, polos y mucho m\u00e1s, todo con el dise\u00f1o y los colores que usted desee. Tiene m\u00e1s informaci\u00f3n y muestras en <a href=\"https:\/\/xandal.com target=\" rel=\"nofollow\"> https:\/\/xandal.com <\/a>.<\/p>\n<p>Nos adaptamos a sus necesidades, venga a vernos o ll\u00e1menos a los tel\u00e9fonos 93 205 00 28 o 93 205 87 08 o env\u00edenos un mensaje a <a class=\"\" href=\"mailto: info @ acpiquet.com \"> info@acpiquet.com <\/a> explicandonos lo que necesita y se lo solucionaremos de la forma m\u00e1s satisfactoria.<\/p>\n<p>Tambi\u00e9n hacemos complementos escolares y otros elementos hechos con ropa. P\u00e1sese por la tienda y se lo ense\u00f1aremos! Estamos en Barcelona, en el barrio de Sarri\u00e1: calle Mayor de Sarri\u00e1 222, junto a la Ronda de Dalt. Atendemos al p\u00fablico de 9 a 14 y de 16 a 19 de lunes a viernes. Le esperamos! \ud83d\ude42<\/p>\n<\/div>\n\t\t<\/div>\n\t\t\t\t\t<\/div>\n\n\t\n<\/div>\n\t\t<\/div>\n\n\t\t\n<style>\n#section_1479149691 {\n  padding-top: 60px;\n  padding-bottom: 60px;\n  margin-bottom: 20px;\n  background-color: #fefefe;\n}\n<\/style>\n\t<\/section>\n\t\n","protected":false},"excerpt":{"rendered":"<p>QUI\u00c9NES SOMOS<\/p>\n","protected":false},"author":1,"featured_media":0,"parent":0,"menu_order":41,"comment_status":"closed","ping_status":"closed","template":"page-right-sidebar.php","meta":{"footnotes":""},"class_list":["post-9858","page","type-page","status-publish","hentry"],"_links":{"self":[{"href":"https:\/\/acpiquet.com\/es\/wp-json\/wp\/v2\/pages\/9858","targetHints":{"allow":["GET"]}}],"collection":[{"href":"https:\/\/acpiquet.com\/es\/wp-json\/wp\/v2\/pages"}],"about":[{"href":"https:\/\/acpiquet.com\/es\/wp-json\/wp\/v2\/types\/page"}],"author":[{"embeddable":true,"href":"https:\/\/acpiquet.com\/es\/wp-json\/wp\/v2\/users\/1"}],"replies":[{"embeddable":true,"href":"https:\/\/acpiquet.com\/es\/wp-json\/wp\/v2\/comments?post=9858"}],"version-history":[{"count":0,"href":"https:\/\/acpiquet.com\/es\/wp-json\/wp\/v2\/pages\/9858\/revisions"}],"wp:attachment":[{"href":"https:\/\/acpiquet.com\/es\/wp-json\/wp\/v2\/media?parent=9858"}],"curies":[{"name":"wp","href":"https:\/\/api.w.org\/{rel}","templated":true}]}}